{"id":1838,"date":"2024-02-11T12:10:37","date_gmt":"2024-02-11T11:10:37","guid":{"rendered":"https:\/\/www.signes.es\/senyalitzacio-demergencia-i-evacuacio-amb-valor-afegit\/"},"modified":"2024-03-18T08:47:19","modified_gmt":"2024-03-18T07:47:19","slug":"senyalitzacio-demergencia-i-evacuacio-amb-valor-afegit","status":"publish","type":"page","link":"https:\/\/www.signes.es\/ca\/senyalitzacio\/senyalitzacio-demergencia-i-evacuacio-amb-valor-afegit\/","title":{"rendered":"Senyalitzaci\u00f3 d&#8217;emerg\u00e8ncia i evacuaci\u00f3 amb valor afegit"},"content":{"rendered":"\n<h2 class=\"wp-block-heading\">Senyalitzaci\u00f3 d&#8217;emerg\u00e8ncia, experi\u00e8ncia al servei de la seguretat<\/h2>\n\n<p><br\/>Si la senyalitzaci\u00f3 exterior i interior d&#8217;un edifici ha de donar confian\u00e7a a l&#8217;usuari del mateix, en el cas de l&#8217;emerg\u00e8ncia i l&#8217;evacuaci\u00f3, la seguretat \u00e9s un condicionant fonamental i imprescindible.<\/p>\n\n<p>Per l&#8217;experi\u00e8ncia acumulada, realitzem els projectes amb un estudi detallat i minuci\u00f3s de necessitats, executant-los amb el coneixement de l&#8217;entorn i la legislaci\u00f3 vigent.<\/p>\n\n<p>Qualsevol defecte de fabricaci\u00f3 o una mala ubicaci\u00f3 dels senyals es poden convertir en un problema futur.<\/p>\n\n<p>La senyalitzaci\u00f3 en les situacions d&#8217;emerg\u00e8ncia va dirigida a alertar tant els usuaris habituals de l&#8217;edifici com els visitants, l&#8217;aparici\u00f3 d&#8217;una situaci\u00f3 de perill i la necessitat conseg\u00fcent i urgent d&#8217;actuar d&#8217;una manera determinada o d&#8217;evacuar la zona d&#8217;emerg\u00e8ncia. perill.<\/p>\n\n<p>Aquesta senyalitzaci\u00f3 inclou tant la senyalitzaci\u00f3 de la localitzaci\u00f3 dels mitjans de protecci\u00f3 contra incendis com la senyalitzaci\u00f3 d&#8217;evacuaci\u00f3, salvament i socors en els diferents tipus i modalitats: r\u00e8tols direccionals que ens indiquen cap a on s\u00f3n les diferents sortides d&#8217;emerg\u00e8ncia i evacuaci\u00f3 de l&#8217;edifici ; r\u00e8tols posicionals per col\u00b7locar a les sortides d&#8217;emerg\u00e8ncia; pl\u00e0nols d&#8217;evacuaci\u00f3, en qu\u00e8 es mostren tant els recorreguts cap a les sortides d&#8217;emerg\u00e8ncia, com la ubicaci\u00f3 dels diferents equips contra incendis (m\u00e0negues, polsadors, extintors, etc.); senyals que ens indiquen la ubicaci\u00f3 dels equips contra incendis, aix\u00ed com un altre tipus de missatges indicadors de la no-utilitzaci\u00f3 en cas d&#8217;incendi d&#8217;una determinada sortida o els ascensors.<\/p>\n\n<figure class=\"wp-block-image size-full\"><img fetchpriority=\"high\" decoding=\"async\" width=\"850\" height=\"850\" src=\"https:\/\/www.signes.es\/wp-content\/uploads\/2024\/02\/Tfnica.Univ-S.emerg_BAJA-1.jpg\" alt=\"\" class=\"wp-image-556\" srcset=\"https:\/\/www.signes.es\/wp-content\/uploads\/2024\/02\/Tfnica.Univ-S.emerg_BAJA-1.jpg 850w, https:\/\/www.signes.es\/wp-content\/uploads\/2024\/02\/Tfnica.Univ-S.emerg_BAJA-1-300x300.jpg 300w, https:\/\/www.signes.es\/wp-content\/uploads\/2024\/02\/Tfnica.Univ-S.emerg_BAJA-1-150x150.jpg 150w, https:\/\/www.signes.es\/wp-content\/uploads\/2024\/02\/Tfnica.Univ-S.emerg_BAJA-1-768x768.jpg 768w\" sizes=\"(max-width: 850px) 100vw, 850px\" \/><\/figure>\n\n<p>La senyalitzaci\u00f3 d\u201femerg\u00e8ncia i evacuaci\u00f3 \u00e9s un repte que des de fa temps ten\u00edem pendent de resoldre. En la senyalitzaci\u00f3 d&#8217;emerg\u00e8ncia s&#8217;ha de ser infal\u00b7lible, en som conscients.<\/p>\n\n<p>Per aix\u00f2 no deixem espai per als errors. Tots els edificis s&#8217;han de senyalitzar per normativa i per sentit com\u00fa per\u00f2, lamentablement, les alternatives est\u00e0ndard que proporciona el mercat deixen molt a desitjar, tant pels b\u00e0sics materials utilitzats, com pels seus impersonals grafismes. Al final, senyalitzar un espai segons normativa es converteix, massa vegades, en un atemptat a l&#8217;est\u00e8tica i el bon gust.<\/p>\n\n<p>Amb aquesta premissa hem desenvolupat i fabricat una tipologia de r\u00e8tols d&#8217;emerg\u00e8ncia i evacuaci\u00f3 de categoria A (productes fotoluminiscents amb alta lumin\u00e0ncia, emprats preferentment per a senyals i abalisaments de llocs de concentraci\u00f3 p\u00fablica o amb il\u00b7luminaci\u00f3 exclusivament artificial) que, complint les normatives vigents (Normes (UNE 23033-1:1981 i UNE 23034:1988), tenen un disseny molt millor resolt, a un preu competitiu.<\/p>\n\n<p>Sabem que no era dif\u00edcil millorar-les, per\u00f2 estem contents amb el resultat final. El material, els acabats, els colors m\u00e9s afinats i la col\u00b7laboraci\u00f3 del tip\u00f2graf Andreu Balius, que ha dissenyat la tipografia DSIGNES i els seus pictogrames\u2026 tot aix\u00f2 ens permet, en definitiva, poder presentar aquest producte de Signes.<\/p>\n","protected":false},"excerpt":{"rendered":"<p>Senyalitzaci\u00f3 d&#8217;emerg\u00e8ncia, experi\u00e8ncia al servei de la seguretat Si la senyalitzaci\u00f3 exterior i interior d&#8217;un edifici ha de donar confian\u00e7a a l&#8217;usuari del mateix, en el cas de l&#8217;emerg\u00e8ncia i l&#8217;evacuaci\u00f3, la seguretat \u00e9s un condicionant fonamental i imprescindible. Per l&#8217;experi\u00e8ncia acumulada, realitzem els projectes amb un estudi detallat i minuci\u00f3s de necessitats, executant-los amb&hellip;<\/p>\n","protected":false},"author":1,"featured_media":0,"parent":2585,"menu_order":0,"comment_status":"closed","ping_status":"closed","template":"","meta":{"_acf_changed":false,"inline_featured_image":false,"footnotes":""},"class_list":["post-1838","page","type-page","status-publish","hentry"],"acf":[],"jetpack_sharing_enabled":true,"_links":{"self":[{"href":"https:\/\/www.signes.es\/ca\/wp-json\/wp\/v2\/pages\/1838","targetHints":{"allow":["GET"]}}],"collection":[{"href":"https:\/\/www.signes.es\/ca\/wp-json\/wp\/v2\/pages"}],"about":[{"href":"https:\/\/www.signes.es\/ca\/wp-json\/wp\/v2\/types\/page"}],"author":[{"embeddable":true,"href":"https:\/\/www.signes.es\/ca\/wp-json\/wp\/v2\/users\/1"}],"replies":[{"embeddable":true,"href":"https:\/\/www.signes.es\/ca\/wp-json\/wp\/v2\/comments?post=1838"}],"version-history":[{"count":1,"href":"https:\/\/www.signes.es\/ca\/wp-json\/wp\/v2\/pages\/1838\/revisions"}],"predecessor-version":[{"id":1839,"href":"https:\/\/www.signes.es\/ca\/wp-json\/wp\/v2\/pages\/1838\/revisions\/1839"}],"up":[{"embeddable":true,"href":"https:\/\/www.signes.es\/ca\/wp-json\/wp\/v2\/pages\/2585"}],"wp:attachment":[{"href":"https:\/\/www.signes.es\/ca\/wp-json\/wp\/v2\/media?parent=1838"}],"curies":[{"name":"wp","href":"https:\/\/api.w.org\/{rel}","templated":true}]}}